{"id":5122,"date":"2021-09-01T08:11:23","date_gmt":"2021-09-01T08:11:23","guid":{"rendered":"http:\/\/kranjfotofest.org\/wp\/?post_type=cpt_portfolio&#038;p=5122"},"modified":"2022-05-27T10:15:50","modified_gmt":"2022-05-27T09:15:50","slug":"erjola-zhuka","status":"publish","type":"cpt_portfolio","link":"https:\/\/kranjfotofest.org\/en\/portfolio\/erjola-zhuka\/","title":{"rendered":"Erjola Zhuka (Albania)"},"content":{"rendered":"\r\n<p><a href=\"https:\/\/www.instagram.com\/erjola_zhuka\/\" target=\"_blank\" rel=\"noopener\">Erjola Zhuka<\/a> <span style=\"font-weight: 400;\">works and lives in Lucca, Italy. She studied Multimedia Arts (three years) and Painting (two years) at the Academy of Fine Arts in Carrara. She obtained a Master\u2019s degree in Photography at the IUAV University of Venice and completed a year of internship at Cimenax Studios in Lucca, where she worked with photographer Massimo Vitali, and in Florence, working with artist Robert Pettena. In July 2020, she published her first book <\/span>Ode to my Family<span style=\"font-weight: 400;\">.<\/span><\/p>\r\n<p><span style=\"font-weight: 400;\">The Kranj Foto Fest received <\/span><b>142 applications<\/b><span style=\"font-weight: 400;\"> from <\/span><b>41 countries<\/b><span style=\"font-weight: 400;\"> in the Open Call on the topic of <\/span><b>ISOLATION | FREEDOM<\/b><span style=\"font-weight: 400;\">. The jury (Barbara \u010ceferin, Ciril Jazbec, Moritz Neum\u00fcller, Klavdij Sluban and Fernanda Prado Ver\u010di\u010d) wanted to see stories that were not only related to the isolation caused by lockdowns due to Covid-19 but also manifested a deeper concept of <\/span>ISOLATION | FREEDOM<span style=\"font-weight: 400;\">.<\/span><\/p>\r\n<p><img loading=\"lazy\" decoding=\"async\" class=\"aligncenter wp-image-5467 size-large\" src=\"https:\/\/kranjfotofest.org\/wp-content\/uploads\/2021\/06\/4672F65C-6787-47E6-B084-FE74C2962C35-4044-0000026C92DBBDF0-656x1024.jpg\" alt=\"Exhibition of Erjola Zhuka Albanian photographer at Kranj Foto Fest festival\" width=\"656\" height=\"1024\" srcset=\"https:\/\/kranjfotofest.org\/wp-content\/uploads\/2021\/06\/4672F65C-6787-47E6-B084-FE74C2962C35-4044-0000026C92DBBDF0-656x1024.jpg 656w, https:\/\/kranjfotofest.org\/wp-content\/uploads\/2021\/06\/4672F65C-6787-47E6-B084-FE74C2962C35-4044-0000026C92DBBDF0-192x300.jpg 192w, https:\/\/kranjfotofest.org\/wp-content\/uploads\/2021\/06\/4672F65C-6787-47E6-B084-FE74C2962C35-4044-0000026C92DBBDF0-768x1199.jpg 768w, https:\/\/kranjfotofest.org\/wp-content\/uploads\/2021\/06\/4672F65C-6787-47E6-B084-FE74C2962C35-4044-0000026C92DBBDF0-984x1536.jpg 984w, https:\/\/kranjfotofest.org\/wp-content\/uploads\/2021\/06\/4672F65C-6787-47E6-B084-FE74C2962C35-4044-0000026C92DBBDF0-370x578.jpg 370w, https:\/\/kranjfotofest.org\/wp-content\/uploads\/2021\/06\/4672F65C-6787-47E6-B084-FE74C2962C35-4044-0000026C92DBBDF0-770x1202.jpg 770w, https:\/\/kranjfotofest.org\/wp-content\/uploads\/2021\/06\/4672F65C-6787-47E6-B084-FE74C2962C35-4044-0000026C92DBBDF0-600x937.jpg 600w, https:\/\/kranjfotofest.org\/wp-content\/uploads\/2021\/06\/4672F65C-6787-47E6-B084-FE74C2962C35-4044-0000026C92DBBDF0.jpg 1047w\" sizes=\"auto, (max-width: 656px) 100vw, 656px\" \/><\/p>\r\n<p>Ode to my Family<span style=\"font-weight: 400;\"> rises above them all. A photo essay that is free from any strings and prejudice. The freedom of not being ridiculed for showing the banality, the dirty obscenity, the \u201crituals&#8221; of everyday life &#8211; which many of us don\u2019t pay attention to. Erjola Zhuka is fearless and we can see that in every single \u201cfragment\u201d of her life. <\/span><span style=\"font-weight: 400;\">And it is exactly for this reason that this photo series is so genuine. <\/span><\/p>\r\n<p>Ode to my Family<span style=\"font-weight: 400;\">: a <\/span><span style=\"font-weight: 400;\">visual diary that sheds light on the moments in which the lines between private and public environments are blurred and social masks are dropped. Photos of Erjola\u2019s life, captured in Italy (where she has lived since her childhood) and Albania (her country of origin), represent her past and her present, which coexist and nourish each other in a perverse game of symbolic and cultural references.\u00a0<\/span><\/p>\r\n<p><span style=\"font-weight: 400;\">\u201cNo pre-established and prejudicial grid and paradigm, but a technical-visual approach aimed at recording the natural dimension. To fix in time what little spontaneous humanity remains and thus create a visual process that is able to stratify memory, personal and collective. Mine is the last generation that has known the world before and after the internet and for this reason, I feel called to coin a style that can somehow free itself from the pervasive rain of stereotyped images that we all spread through social media. Photographing the obscenity of truth means taking an interest in the world and not interpreting it, where the meaning of obscene is all that ends any glance, any image, any representation.<\/span><\/p>\r\n<p><span style=\"font-weight: 400;\">How do we inhabit a changed world (politically and socio-culturally like Albania and structurally like our global reality today)? What does it mean to be me today compared to 30 years ago? What is a community today in the light of the new social and cultural configurations? These are just some of the questions that arose during my process, which led me to reflect on the sudden challenge launched by the new pandemic configuration to the setting for binary ideologies characteristic of the twentieth century.\u201d <\/span>Erjola Zhuka.<\/p>\r\n<p>Apply to the <a href=\"https:\/\/kranjfotofest.org\/en\/open-call-2022\/\">Open Call 2022<\/a> for Solo and Group Exhibitions.<\/p>\r\n<p><img loading=\"lazy\" decoding=\"async\" class=\"wp-image-5406 size-full\" src=\"https:\/\/kranjfotofest.org\/wp-content\/uploads\/2021\/06\/6F8A63FD-F38F-4C22-B0F2-503AD74330F5-4044-0000026CFE2EEF64.jpg\" alt=\"Exhibition of Erjola Zhuka Albanian photographer at Kranj Foto Fest festival\" width=\"1776\" height=\"1184\" srcset=\"https:\/\/kranjfotofest.org\/wp-content\/uploads\/2021\/06\/6F8A63FD-F38F-4C22-B0F2-503AD74330F5-4044-0000026CFE2EEF64.jpg 1776w, https:\/\/kranjfotofest.org\/wp-content\/uploads\/2021\/06\/6F8A63FD-F38F-4C22-B0F2-503AD74330F5-4044-0000026CFE2EEF64-300x200.jpg 300w, https:\/\/kranjfotofest.org\/wp-content\/uploads\/2021\/06\/6F8A63FD-F38F-4C22-B0F2-503AD74330F5-4044-0000026CFE2EEF64-1024x683.jpg 1024w, https:\/\/kranjfotofest.org\/wp-content\/uploads\/2021\/06\/6F8A63FD-F38F-4C22-B0F2-503AD74330F5-4044-0000026CFE2EEF64-768x512.jpg 768w, https:\/\/kranjfotofest.org\/wp-content\/uploads\/2021\/06\/6F8A63FD-F38F-4C22-B0F2-503AD74330F5-4044-0000026CFE2EEF64-1536x1024.jpg 1536w, https:\/\/kranjfotofest.org\/wp-content\/uploads\/2021\/06\/6F8A63FD-F38F-4C22-B0F2-503AD74330F5-4044-0000026CFE2EEF64-370x247.jpg 370w, https:\/\/kranjfotofest.org\/wp-content\/uploads\/2021\/06\/6F8A63FD-F38F-4C22-B0F2-503AD74330F5-4044-0000026CFE2EEF64-770x513.jpg 770w, https:\/\/kranjfotofest.org\/wp-content\/uploads\/2021\/06\/6F8A63FD-F38F-4C22-B0F2-503AD74330F5-4044-0000026CFE2EEF64-600x400.jpg 600w\" sizes=\"auto, (max-width: 1776px) 100vw, 1776px\" \/><\/p>\r\n<p>&nbsp;<\/p>\r\n","protected":false},"excerpt":{"rendered":"<p>Winner of the 2021 Open Call on the theme Isolation | Freedom <\/p>\n","protected":false},"author":3,"featured_media":5424,"comment_status":"closed","ping_status":"closed","template":"","cpt_portfolio_group":[57,80],"class_list":["post-5122","cpt_portfolio","type-cpt_portfolio","status-publish","has-post-thumbnail","hentry","cpt_portfolio_group-57","cpt_portfolio_group-artist"],"yoast_head":"<!-- This site is optimized with the Yoast SEO plugin v20.1 - https:\/\/yoast.com\/wordpress\/plugins\/seo\/ -->\n<title>Erjola Zhuka (Albania) - Kranj Foto Fest<\/title>\n<meta name=\"description\" content=\"Exhibition of Erjola Zhuka (Albania) - the winner of the Kranj Foto Fest Open Call 2021 on the theme Isolation and Freedom.\" \/>\n<meta name=\"robots\" content=\"index, follow, max-snippet:-1, max-image-preview:large, max-video-preview:-1\" \/>\n<link rel=\"canonical\" href=\"https:\/\/kranjfotofest.org\/en\/portfolio\/erjola-zhuka\/\" \/>\n<meta property=\"og:locale\" content=\"en_US\" \/>\n<meta property=\"og:type\" content=\"article\" \/>\n<meta property=\"og:title\" content=\"Erjola Zhuka (Albania) - Kranj Foto Fest\" \/>\n<meta property=\"og:description\" content=\"Exhibition of Erjola Zhuka (Albania) - the winner of the Kranj Foto Fest Open Call 2021 on the theme Isolation and Freedom.\" \/>\n<meta property=\"og:url\" content=\"https:\/\/kranjfotofest.org\/en\/portfolio\/erjola-zhuka\/\" \/>\n<meta property=\"og:site_name\" content=\"Kranj Foto Fest\" \/>\n<meta property=\"article:publisher\" content=\"https:\/\/www.facebook.com\/kranjfotofest\" \/>\n<meta property=\"article:modified_time\" content=\"2022-05-27T09:15:50+00:00\" \/>\n<meta property=\"og:image\" content=\"https:\/\/kranjfotofest.org\/wp-content\/uploads\/2021\/06\/0-Erjola-Zhuka-ODE-TO-MY-FAMILY-2019-2021-1.jpg\" \/>\n\t<meta property=\"og:image:width\" content=\"1800\" \/>\n\t<meta property=\"og:image:height\" content=\"1200\" \/>\n\t<meta property=\"og:image:type\" content=\"image\/jpeg\" \/>\n<meta name=\"twitter:card\" content=\"summary_large_image\" \/>\n<meta name=\"twitter:site\" content=\"@kranjfotofest\" \/>\n<meta name=\"twitter:label1\" content=\"Est. reading time\" \/>\n\t<meta name=\"twitter:data1\" content=\"3 minutes\" \/>\n<script type=\"application\/ld+json\" class=\"yoast-schema-graph\">{\"@context\":\"https:\/\/schema.org\",\"@graph\":[{\"@type\":\"WebPage\",\"@id\":\"https:\/\/kranjfotofest.org\/en\/portfolio\/erjola-zhuka\/\",\"url\":\"https:\/\/kranjfotofest.org\/en\/portfolio\/erjola-zhuka\/\",\"name\":\"Erjola Zhuka (Albania) - Kranj Foto Fest\",\"isPartOf\":{\"@id\":\"https:\/\/kranjfotofest.org\/en\/#website\"},\"datePublished\":\"2021-09-01T08:11:23+00:00\",\"dateModified\":\"2022-05-27T09:15:50+00:00\",\"description\":\"Exhibition of Erjola Zhuka (Albania) - the winner of the Kranj Foto Fest Open Call 2021 on the theme Isolation and Freedom.\",\"breadcrumb\":{\"@id\":\"https:\/\/kranjfotofest.org\/en\/portfolio\/erjola-zhuka\/#breadcrumb\"},\"inLanguage\":\"en-US\",\"potentialAction\":[{\"@type\":\"ReadAction\",\"target\":[\"https:\/\/kranjfotofest.org\/en\/portfolio\/erjola-zhuka\/\"]}]},{\"@type\":\"BreadcrumbList\",\"@id\":\"https:\/\/kranjfotofest.org\/en\/portfolio\/erjola-zhuka\/#breadcrumb\",\"itemListElement\":[{\"@type\":\"ListItem\",\"position\":1,\"name\":\"Home\",\"item\":\"https:\/\/kranjfotofest.org\/en\/\"},{\"@type\":\"ListItem\",\"position\":2,\"name\":\"Portfolio\",\"item\":\"https:\/\/kranjfotofest.org\/en\/portfolio\/\"},{\"@type\":\"ListItem\",\"position\":3,\"name\":\"Erjola Zhuka (Albania)\"}]},{\"@type\":\"WebSite\",\"@id\":\"https:\/\/kranjfotofest.org\/en\/#website\",\"url\":\"https:\/\/kranjfotofest.org\/en\/\",\"name\":\"Kranj Foto Fest\",\"description\":\"International Festival of Contemporary Photography\",\"publisher\":{\"@id\":\"https:\/\/kranjfotofest.org\/en\/#organization\"},\"potentialAction\":[{\"@type\":\"SearchAction\",\"target\":{\"@type\":\"EntryPoint\",\"urlTemplate\":\"https:\/\/kranjfotofest.org\/en\/?s={search_term_string}\"},\"query-input\":\"required name=search_term_string\"}],\"inLanguage\":\"en-US\"},{\"@type\":\"Organization\",\"@id\":\"https:\/\/kranjfotofest.org\/en\/#organization\",\"name\":\"Kranj Foto Fest\",\"url\":\"https:\/\/kranjfotofest.org\/en\/\",\"logo\":{\"@type\":\"ImageObject\",\"inLanguage\":\"en-US\",\"@id\":\"https:\/\/kranjfotofest.org\/en\/#\/schema\/logo\/image\/\",\"url\":\"https:\/\/kranjfotofest.org\/wp-content\/uploads\/2022\/03\/Final-Kranj-Foto-Fest_Logos-JPG-03-1.jpg\",\"contentUrl\":\"https:\/\/kranjfotofest.org\/wp-content\/uploads\/2022\/03\/Final-Kranj-Foto-Fest_Logos-JPG-03-1.jpg\",\"width\":1186,\"height\":1117,\"caption\":\"Kranj Foto Fest\"},\"image\":{\"@id\":\"https:\/\/kranjfotofest.org\/en\/#\/schema\/logo\/image\/\"},\"sameAs\":[\"https:\/\/www.facebook.com\/kranjfotofest\",\"https:\/\/twitter.com\/kranjfotofest\",\"https:\/\/www.instagram.com\/kranjfotofest\/\"]}]}<\/script>\n<!-- \/ Yoast SEO plugin. -->","yoast_head_json":{"title":"Erjola Zhuka (Albania) - Kranj Foto Fest","description":"Exhibition of Erjola Zhuka (Albania) - the winner of the Kranj Foto Fest Open Call 2021 on the theme Isolation and Freedom.","robots":{"index":"index","follow":"follow","max-snippet":"max-snippet:-1","max-image-preview":"max-image-preview:large","max-video-preview":"max-video-preview:-1"},"canonical":"https:\/\/kranjfotofest.org\/en\/portfolio\/erjola-zhuka\/","og_locale":"en_US","og_type":"article","og_title":"Erjola Zhuka (Albania) - Kranj Foto Fest","og_description":"Exhibition of Erjola Zhuka (Albania) - the winner of the Kranj Foto Fest Open Call 2021 on the theme Isolation and Freedom.","og_url":"https:\/\/kranjfotofest.org\/en\/portfolio\/erjola-zhuka\/","og_site_name":"Kranj Foto Fest","article_publisher":"https:\/\/www.facebook.com\/kranjfotofest","article_modified_time":"2022-05-27T09:15:50+00:00","og_image":[{"width":1800,"height":1200,"url":"https:\/\/kranjfotofest.org\/wp-content\/uploads\/2021\/06\/0-Erjola-Zhuka-ODE-TO-MY-FAMILY-2019-2021-1.jpg","type":"image\/jpeg"}],"twitter_card":"summary_large_image","twitter_site":"@kranjfotofest","twitter_misc":{"Est. reading time":"3 minutes"},"schema":{"@context":"https:\/\/schema.org","@graph":[{"@type":"WebPage","@id":"https:\/\/kranjfotofest.org\/en\/portfolio\/erjola-zhuka\/","url":"https:\/\/kranjfotofest.org\/en\/portfolio\/erjola-zhuka\/","name":"Erjola Zhuka (Albania) - Kranj Foto Fest","isPartOf":{"@id":"https:\/\/kranjfotofest.org\/en\/#website"},"datePublished":"2021-09-01T08:11:23+00:00","dateModified":"2022-05-27T09:15:50+00:00","description":"Exhibition of Erjola Zhuka (Albania) - the winner of the Kranj Foto Fest Open Call 2021 on the theme Isolation and Freedom.","breadcrumb":{"@id":"https:\/\/kranjfotofest.org\/en\/portfolio\/erjola-zhuka\/#breadcrumb"},"inLanguage":"en-US","potentialAction":[{"@type":"ReadAction","target":["https:\/\/kranjfotofest.org\/en\/portfolio\/erjola-zhuka\/"]}]},{"@type":"BreadcrumbList","@id":"https:\/\/kranjfotofest.org\/en\/portfolio\/erjola-zhuka\/#breadcrumb","itemListElement":[{"@type":"ListItem","position":1,"name":"Home","item":"https:\/\/kranjfotofest.org\/en\/"},{"@type":"ListItem","position":2,"name":"Portfolio","item":"https:\/\/kranjfotofest.org\/en\/portfolio\/"},{"@type":"ListItem","position":3,"name":"Erjola Zhuka (Albania)"}]},{"@type":"WebSite","@id":"https:\/\/kranjfotofest.org\/en\/#website","url":"https:\/\/kranjfotofest.org\/en\/","name":"Kranj Foto Fest","description":"International Festival of Contemporary Photography","publisher":{"@id":"https:\/\/kranjfotofest.org\/en\/#organization"},"potentialAction":[{"@type":"SearchAction","target":{"@type":"EntryPoint","urlTemplate":"https:\/\/kranjfotofest.org\/en\/?s={search_term_string}"},"query-input":"required name=search_term_string"}],"inLanguage":"en-US"},{"@type":"Organization","@id":"https:\/\/kranjfotofest.org\/en\/#organization","name":"Kranj Foto Fest","url":"https:\/\/kranjfotofest.org\/en\/","logo":{"@type":"ImageObject","inLanguage":"en-US","@id":"https:\/\/kranjfotofest.org\/en\/#\/schema\/logo\/image\/","url":"https:\/\/kranjfotofest.org\/wp-content\/uploads\/2022\/03\/Final-Kranj-Foto-Fest_Logos-JPG-03-1.jpg","contentUrl":"https:\/\/kranjfotofest.org\/wp-content\/uploads\/2022\/03\/Final-Kranj-Foto-Fest_Logos-JPG-03-1.jpg","width":1186,"height":1117,"caption":"Kranj Foto Fest"},"image":{"@id":"https:\/\/kranjfotofest.org\/en\/#\/schema\/logo\/image\/"},"sameAs":["https:\/\/www.facebook.com\/kranjfotofest","https:\/\/twitter.com\/kranjfotofest","https:\/\/www.instagram.com\/kranjfotofest\/"]}]}},"_links":{"self":[{"href":"https:\/\/kranjfotofest.org\/en\/wp-json\/wp\/v2\/cpt_portfolio\/5122","targetHints":{"allow":["GET"]}}],"collection":[{"href":"https:\/\/kranjfotofest.org\/en\/wp-json\/wp\/v2\/cpt_portfolio"}],"about":[{"href":"https:\/\/kranjfotofest.org\/en\/wp-json\/wp\/v2\/types\/cpt_portfolio"}],"author":[{"embeddable":true,"href":"https:\/\/kranjfotofest.org\/en\/wp-json\/wp\/v2\/users\/3"}],"replies":[{"embeddable":true,"href":"https:\/\/kranjfotofest.org\/en\/wp-json\/wp\/v2\/comments?post=5122"}],"version-history":[{"count":17,"href":"https:\/\/kranjfotofest.org\/en\/wp-json\/wp\/v2\/cpt_portfolio\/5122\/revisions"}],"predecessor-version":[{"id":10717,"href":"https:\/\/kranjfotofest.org\/en\/wp-json\/wp\/v2\/cpt_portfolio\/5122\/revisions\/10717"}],"wp:featuredmedia":[{"embeddable":true,"href":"https:\/\/kranjfotofest.org\/en\/wp-json\/wp\/v2\/media\/5424"}],"wp:attachment":[{"href":"https:\/\/kranjfotofest.org\/en\/wp-json\/wp\/v2\/media?parent=5122"}],"wp:term":[{"taxonomy":"cpt_portfolio_group","embeddable":true,"href":"https:\/\/kranjfotofest.org\/en\/wp-json\/wp\/v2\/cpt_portfolio_group?post=5122"}],"curies":[{"name":"wp","href":"https:\/\/api.w.org\/{rel}","templated":true}]}}